{"id":4309,"date":"2023-07-19T13:39:10","date_gmt":"2023-07-19T11:39:10","guid":{"rendered":"https:\/\/www.confesercenticampania.it\/demo\/?page_id=4309"},"modified":"2023-07-19T14:07:28","modified_gmt":"2023-07-19T12:07:28","slug":"servizi","status":"publish","type":"page","link":"https:\/\/www.confesercenticampania.it\/demo\/servizi\/","title":{"rendered":"Servizi"},"content":{"rendered":"\t\t<div data-elementor-type=\"wp-page\" data-elementor-id=\"4309\" class=\"elementor elementor-4309\" data-elementor-post-type=\"page\">\n\t\t\t\t\t\t<section class=\"elementor-section elementor-top-section elementor-element elementor-element-8e90c19 elementor-section-full_width elementor-section-height-default elementor-section-height-default\" data-id=\"8e90c19\" data-element_type=\"section\">\n\t\t\t\t\t\t<div class=\"elementor-container elementor-column-gap-default\">\n\t\t\t\t\t<div class=\"elementor-column elementor-col-100 elementor-top-column elementor-element elementor-element-fafe95d\" data-id=\"fafe95d\" data-element_type=\"column\">\n\t\t\t<div class=\"elementor-widget-wrap elementor-element-populated\">\n\t\t\t\t\t\t<div class=\"elementor-element elementor-element-92d3a29 elementor-widget elementor-widget-image\" data-id=\"92d3a29\" data-element_type=\"widget\" data-widget_type=\"image.default\">\n\t\t\t\t<div class=\"elementor-widget-container\">\n\t\t\t\t\t\t\t\t\t\t\t\t\t\t\t<img fetchpriority=\"high\" decoding=\"async\" width=\"2000\" height=\"785\" src=\"https:\/\/www.confesercenticampania.it\/demo\/wp-content\/uploads\/2023\/07\/fdsds1.jpg\" class=\"attachment-full size-full wp-image-4311\" alt=\"\" srcset=\"https:\/\/www.confesercenticampania.it\/demo\/wp-content\/uploads\/2023\/07\/fdsds1.jpg 2000w, https:\/\/www.confesercenticampania.it\/demo\/wp-content\/uploads\/2023\/07\/fdsds1-300x118.jpg 300w, https:\/\/www.confesercenticampania.it\/demo\/wp-content\/uploads\/2023\/07\/fdsds1-1024x402.jpg 1024w, https:\/\/www.confesercenticampania.it\/demo\/wp-content\/uploads\/2023\/07\/fdsds1-768x301.jpg 768w, https:\/\/www.confesercenticampania.it\/demo\/wp-content\/uploads\/2023\/07\/fdsds1-1536x603.jpg 1536w\" sizes=\"(max-width: 2000px) 100vw, 2000px\" \/>\t\t\t\t\t\t\t\t\t\t\t\t\t\t\t<\/div>\n\t\t\t\t<\/div>\n\t\t\t\t\t<\/div>\n\t\t<\/div>\n\t\t\t\t\t<\/div>\n\t\t<\/section>\n\t\t\t\t<section class=\"elementor-section elementor-top-section elementor-element elementor-element-f32bbd7 elementor-section-boxed elementor-section-height-default elementor-section-height-default\" data-id=\"f32bbd7\" data-element_type=\"section\">\n\t\t\t\t\t\t<div class=\"elementor-container elementor-column-gap-default\">\n\t\t\t\t\t<div class=\"elementor-column elementor-col-50 elementor-top-column elementor-element elementor-element-9f7b980\" data-id=\"9f7b980\" data-element_type=\"column\">\n\t\t\t<div class=\"elementor-widget-wrap elementor-element-populated\">\n\t\t\t\t\t\t<div class=\"elementor-element elementor-element-669fb84 elementor-position-top elementor-widget elementor-widget-image-box\" data-id=\"669fb84\" data-element_type=\"widget\" data-widget_type=\"image-box.default\">\n\t\t\t\t<div class=\"elementor-widget-container\">\n\t\t\t\t\t<div class=\"elementor-image-box-wrapper\"><figure class=\"elementor-image-box-img\"><img decoding=\"async\" width=\"381\" height=\"203\" src=\"https:\/\/www.confesercenticampania.it\/demo\/wp-content\/uploads\/2023\/07\/1-41.png\" class=\"attachment-full size-full wp-image-4312\" alt=\"\" srcset=\"https:\/\/www.confesercenticampania.it\/demo\/wp-content\/uploads\/2023\/07\/1-41.png 381w, https:\/\/www.confesercenticampania.it\/demo\/wp-content\/uploads\/2023\/07\/1-41-300x160.png 300w\" sizes=\"(max-width: 381px) 100vw, 381px\" \/><\/figure><div class=\"elementor-image-box-content\"><h3 class=\"elementor-image-box-title\">Acconciatori ed Estetiste<\/h3><\/div><\/div>\t\t\t\t<\/div>\n\t\t\t\t<\/div>\n\t\t\t\t\t<\/div>\n\t\t<\/div>\n\t\t\t\t<div class=\"elementor-column elementor-col-50 elementor-top-column elementor-element elementor-element-34b5701\" data-id=\"34b5701\" data-element_type=\"column\">\n\t\t\t<div class=\"elementor-widget-wrap elementor-element-populated\">\n\t\t\t\t\t\t<div class=\"elementor-element elementor-element-50cf9f2 elementor-widget elementor-widget-text-editor\" data-id=\"50cf9f2\" data-element_type=\"widget\" data-widget_type=\"text-editor.default\">\n\t\t\t\t<div class=\"elementor-widget-container\">\n\t\t\t\t\t\t\t\t\t<p><strong>ASSOACCONCIATORI &#8211; Associazione Nazionale Acconciatori ed Estetista<\/strong><br \/>L&#8217;AssoAcconciatori ed Estetiste \u00e8 un&#8217;associazione a copertura totale che opera nella maggiore economicit\u00e0 possibile dei processi della gestione, della commercializzazione e della assistenza del prodotto e del servizio.<\/p>\t\t\t\t\t\t\t\t<\/div>\n\t\t\t\t<\/div>\n\t\t\t\t\t<\/div>\n\t\t<\/div>\n\t\t\t\t\t<\/div>\n\t\t<\/section>\n\t\t\t\t<section class=\"elementor-section elementor-top-section elementor-element elementor-element-453506a elementor-section-boxed elementor-section-height-default elementor-section-height-default\" data-id=\"453506a\" data-element_type=\"section\">\n\t\t\t\t\t\t<div class=\"elementor-container elementor-column-gap-default\">\n\t\t\t\t\t<div class=\"elementor-column elementor-col-50 elementor-top-column elementor-element elementor-element-221f9ee\" data-id=\"221f9ee\" data-element_type=\"column\">\n\t\t\t<div class=\"elementor-widget-wrap elementor-element-populated\">\n\t\t\t\t\t\t<div class=\"elementor-element elementor-element-54ab8e6 elementor-position-top elementor-widget elementor-widget-image-box\" data-id=\"54ab8e6\" data-element_type=\"widget\" data-widget_type=\"image-box.default\">\n\t\t\t\t<div class=\"elementor-widget-container\">\n\t\t\t\t\t<div class=\"elementor-image-box-wrapper\"><figure class=\"elementor-image-box-img\"><img decoding=\"async\" width=\"381\" height=\"203\" src=\"https:\/\/www.confesercenticampania.it\/demo\/wp-content\/uploads\/2023\/07\/2-41.png\" class=\"attachment-full size-full wp-image-4313\" alt=\"\" srcset=\"https:\/\/www.confesercenticampania.it\/demo\/wp-content\/uploads\/2023\/07\/2-41.png 381w, https:\/\/www.confesercenticampania.it\/demo\/wp-content\/uploads\/2023\/07\/2-41-300x160.png 300w\" sizes=\"(max-width: 381px) 100vw, 381px\" \/><\/figure><div class=\"elementor-image-box-content\"><h3 class=\"elementor-image-box-title\">Agenti e Mediatori di Affari<\/h3><\/div><\/div>\t\t\t\t<\/div>\n\t\t\t\t<\/div>\n\t\t\t\t\t<\/div>\n\t\t<\/div>\n\t\t\t\t<div class=\"elementor-column elementor-col-50 elementor-top-column elementor-element elementor-element-d825d55\" data-id=\"d825d55\" data-element_type=\"column\">\n\t\t\t<div class=\"elementor-widget-wrap elementor-element-populated\">\n\t\t\t\t\t\t<div class=\"elementor-element elementor-element-8fbc6e0 elementor-widget elementor-widget-text-editor\" data-id=\"8fbc6e0\" data-element_type=\"widget\" data-widget_type=\"text-editor.default\">\n\t\t\t\t<div class=\"elementor-widget-container\">\n\t\t\t\t\t\t\t\t\t<p><b>ANAMA &#8211; Associazione Nazionale Agenti e Mediatori di Affari<\/b><br \/>La federazione \u00e9 all&#8217;avanguardia nella tutela dei diritti e nel fornire ai propri associati consulenza, informazioni, formazione e servizi<\/p>\t\t\t\t\t\t\t\t<\/div>\n\t\t\t\t<\/div>\n\t\t\t\t\t<\/div>\n\t\t<\/div>\n\t\t\t\t\t<\/div>\n\t\t<\/section>\n\t\t\t\t<section class=\"elementor-section elementor-top-section elementor-element elementor-element-dee4a26 elementor-section-boxed elementor-section-height-default elementor-section-height-default\" data-id=\"dee4a26\" data-element_type=\"section\">\n\t\t\t\t\t\t<div class=\"elementor-container elementor-column-gap-default\">\n\t\t\t\t\t<div class=\"elementor-column elementor-col-50 elementor-top-column elementor-element elementor-element-d0d03d5\" data-id=\"d0d03d5\" data-element_type=\"column\">\n\t\t\t<div class=\"elementor-widget-wrap elementor-element-populated\">\n\t\t\t\t\t\t<div class=\"elementor-element elementor-element-91f2f13 elementor-widget-tablet__width-initial elementor-position-top elementor-widget elementor-widget-image-box\" data-id=\"91f2f13\" data-element_type=\"widget\" data-widget_type=\"image-box.default\">\n\t\t\t\t<div class=\"elementor-widget-container\">\n\t\t\t\t\t<div class=\"elementor-image-box-wrapper\"><figure class=\"elementor-image-box-img\"><img loading=\"lazy\" decoding=\"async\" width=\"381\" height=\"203\" src=\"https:\/\/www.confesercenticampania.it\/demo\/wp-content\/uploads\/2023\/07\/3-411.png\" class=\"attachment-full size-full wp-image-4314\" alt=\"\" srcset=\"https:\/\/www.confesercenticampania.it\/demo\/wp-content\/uploads\/2023\/07\/3-411.png 381w, https:\/\/www.confesercenticampania.it\/demo\/wp-content\/uploads\/2023\/07\/3-411-300x160.png 300w\" sizes=\"(max-width: 381px) 100vw, 381px\" \/><\/figure><div class=\"elementor-image-box-content\"><h3 class=\"elementor-image-box-title\">Agenti di Commercio<\/h3><\/div><\/div>\t\t\t\t<\/div>\n\t\t\t\t<\/div>\n\t\t\t\t\t<\/div>\n\t\t<\/div>\n\t\t\t\t<div class=\"elementor-column elementor-col-50 elementor-top-column elementor-element elementor-element-8307d98\" data-id=\"8307d98\" data-element_type=\"column\">\n\t\t\t<div class=\"elementor-widget-wrap elementor-element-populated\">\n\t\t\t\t\t\t<div class=\"elementor-element elementor-element-719c7ec elementor-widget elementor-widget-text-editor\" data-id=\"719c7ec\" data-element_type=\"widget\" data-widget_type=\"text-editor.default\">\n\t\t\t\t<div class=\"elementor-widget-container\">\n\t\t\t\t\t\t\t\t\t<p><b>FIARC &#8211; Federazione Italiana Agenti e Rappresententi di Commerciao<\/b><br \/>Una federazione all&#8217;avanguardia nella tutela dei diritti e nel fornire ai propri associati consulenza, informazioni, formazione e servizi<\/p>\t\t\t\t\t\t\t\t<\/div>\n\t\t\t\t<\/div>\n\t\t\t\t\t<\/div>\n\t\t<\/div>\n\t\t\t\t\t<\/div>\n\t\t<\/section>\n\t\t\t\t<section class=\"elementor-section elementor-top-section elementor-element elementor-element-f84f225 elementor-section-boxed elementor-section-height-default elementor-section-height-default\" data-id=\"f84f225\" data-element_type=\"section\">\n\t\t\t\t\t\t<div class=\"elementor-container elementor-column-gap-default\">\n\t\t\t\t\t<div class=\"elementor-column elementor-col-50 elementor-top-column elementor-element elementor-element-9b46607\" data-id=\"9b46607\" data-element_type=\"column\">\n\t\t\t<div class=\"elementor-widget-wrap elementor-element-populated\">\n\t\t\t\t\t\t<div class=\"elementor-element elementor-element-4458a84 elementor-widget-tablet__width-initial elementor-position-top elementor-widget elementor-widget-image-box\" data-id=\"4458a84\" data-element_type=\"widget\" data-widget_type=\"image-box.default\">\n\t\t\t\t<div class=\"elementor-widget-container\">\n\t\t\t\t\t<div class=\"elementor-image-box-wrapper\"><figure class=\"elementor-image-box-img\"><img loading=\"lazy\" decoding=\"async\" width=\"381\" height=\"203\" src=\"https:\/\/www.confesercenticampania.it\/demo\/wp-content\/uploads\/2023\/07\/4-41.png\" class=\"attachment-full size-full wp-image-4315\" alt=\"\" srcset=\"https:\/\/www.confesercenticampania.it\/demo\/wp-content\/uploads\/2023\/07\/4-41.png 381w, https:\/\/www.confesercenticampania.it\/demo\/wp-content\/uploads\/2023\/07\/4-41-300x160.png 300w\" sizes=\"(max-width: 381px) 100vw, 381px\" \/><\/figure><div class=\"elementor-image-box-content\"><h3 class=\"elementor-image-box-title\"><div><span style=\"background-color: rgba(255, 255, 255, 0); color: var(--h1_typography-color); font-family: var(--h1_typography-font-family); font-size: 1em; font-style: var(--h1_typography-font-style,normal); letter-spacing: var(--h1_typography-letter-spacing); font-weight: var(--h1_typography-font-weight);\">Artisti<\/span><\/div><\/h3><\/div><\/div>\t\t\t\t<\/div>\n\t\t\t\t<\/div>\n\t\t\t\t\t<\/div>\n\t\t<\/div>\n\t\t\t\t<div class=\"elementor-column elementor-col-50 elementor-top-column elementor-element elementor-element-fab4a64\" data-id=\"fab4a64\" data-element_type=\"column\">\n\t\t\t<div class=\"elementor-widget-wrap elementor-element-populated\">\n\t\t\t\t\t\t<div class=\"elementor-element elementor-element-c7c30cf elementor-widget elementor-widget-text-editor\" data-id=\"c7c30cf\" data-element_type=\"widget\" data-widget_type=\"text-editor.default\">\n\t\t\t\t<div class=\"elementor-widget-container\">\n\t\t\t\t\t\t\t\t\t<p><b>ASSOARTISTI &#8211; Associazione Italiana degli Artisti e degli Operatori dello Spettacolo<\/b><br \/>Il sindacato ASSOARTISTI nasce per la prima volta nel 1994 per iniziativa della Confesercenti Emilia Romagna e grazie alla pressione di un gruppo di artisti (Attori teatrali e musicisti) per offrire un coordinamento a tutti gli operatori dello spettacolo.<\/p>\t\t\t\t\t\t\t\t<\/div>\n\t\t\t\t<\/div>\n\t\t\t\t\t<\/div>\n\t\t<\/div>\n\t\t\t\t\t<\/div>\n\t\t<\/section>\n\t\t\t\t<section class=\"elementor-section elementor-top-section elementor-element elementor-element-bb01bda elementor-section-boxed elementor-section-height-default elementor-section-height-default\" data-id=\"bb01bda\" data-element_type=\"section\">\n\t\t\t\t\t\t<div class=\"elementor-container elementor-column-gap-default\">\n\t\t\t\t\t<div class=\"elementor-column elementor-col-50 elementor-top-column elementor-element elementor-element-7ec8686\" data-id=\"7ec8686\" data-element_type=\"column\">\n\t\t\t<div class=\"elementor-widget-wrap elementor-element-populated\">\n\t\t\t\t\t\t<div class=\"elementor-element elementor-element-e8d4045 elementor-widget-tablet__width-initial elementor-position-top elementor-widget elementor-widget-image-box\" data-id=\"e8d4045\" data-element_type=\"widget\" data-widget_type=\"image-box.default\">\n\t\t\t\t<div class=\"elementor-widget-container\">\n\t\t\t\t\t<div class=\"elementor-image-box-wrapper\"><figure class=\"elementor-image-box-img\"><img loading=\"lazy\" decoding=\"async\" width=\"381\" height=\"203\" src=\"https:\/\/www.confesercenticampania.it\/demo\/wp-content\/uploads\/2023\/07\/6-41.png\" class=\"attachment-full size-full wp-image-4316\" alt=\"\" srcset=\"https:\/\/www.confesercenticampania.it\/demo\/wp-content\/uploads\/2023\/07\/6-41.png 381w, https:\/\/www.confesercenticampania.it\/demo\/wp-content\/uploads\/2023\/07\/6-41-300x160.png 300w\" sizes=\"(max-width: 381px) 100vw, 381px\" \/><\/figure><div class=\"elementor-image-box-content\"><h3 class=\"elementor-image-box-title\">Imprese di Resocontazione<\/h3><\/div><\/div>\t\t\t\t<\/div>\n\t\t\t\t<\/div>\n\t\t\t\t\t<\/div>\n\t\t<\/div>\n\t\t\t\t<div class=\"elementor-column elementor-col-50 elementor-top-column elementor-element elementor-element-b22c9e4\" data-id=\"b22c9e4\" data-element_type=\"column\">\n\t\t\t<div class=\"elementor-widget-wrap elementor-element-populated\">\n\t\t\t\t\t\t<div class=\"elementor-element elementor-element-5e347e0 elementor-widget elementor-widget-text-editor\" data-id=\"5e347e0\" data-element_type=\"widget\" data-widget_type=\"text-editor.default\">\n\t\t\t\t<div class=\"elementor-widget-container\">\n\t\t\t\t\t\t\t\t\t<p><b>FENIR &#8211; Federazione Nazionale Imprese di Resocontazione<\/b><br \/>La resocontazione pu\u00f2 essere descritta come un\u2019attivit\u00e0 di trattamento del linguaggio parlato che permette di trasporre un discorso orale in un documento scritto.<\/p>\t\t\t\t\t\t\t\t<\/div>\n\t\t\t\t<\/div>\n\t\t\t\t\t<\/div>\n\t\t<\/div>\n\t\t\t\t\t<\/div>\n\t\t<\/section>\n\t\t\t\t<section class=\"elementor-section elementor-top-section elementor-element elementor-element-3aa6e82 elementor-section-boxed elementor-section-height-default elementor-section-height-default\" data-id=\"3aa6e82\" data-element_type=\"section\">\n\t\t\t\t\t\t<div class=\"elementor-container elementor-column-gap-default\">\n\t\t\t\t\t<div class=\"elementor-column elementor-col-50 elementor-top-column elementor-element elementor-element-6899954\" data-id=\"6899954\" data-element_type=\"column\">\n\t\t\t<div class=\"elementor-widget-wrap elementor-element-populated\">\n\t\t\t\t\t\t<div class=\"elementor-element elementor-element-c419b92 elementor-widget-tablet__width-initial elementor-position-top elementor-widget elementor-widget-image-box\" data-id=\"c419b92\" data-element_type=\"widget\" data-widget_type=\"image-box.default\">\n\t\t\t\t<div class=\"elementor-widget-container\">\n\t\t\t\t\t<div class=\"elementor-image-box-wrapper\"><figure class=\"elementor-image-box-img\"><img loading=\"lazy\" decoding=\"async\" width=\"381\" height=\"203\" src=\"https:\/\/www.confesercenticampania.it\/demo\/wp-content\/uploads\/2023\/07\/7-31.png\" class=\"attachment-full size-full wp-image-4317\" alt=\"\" srcset=\"https:\/\/www.confesercenticampania.it\/demo\/wp-content\/uploads\/2023\/07\/7-31.png 381w, https:\/\/www.confesercenticampania.it\/demo\/wp-content\/uploads\/2023\/07\/7-31-300x160.png 300w\" sizes=\"(max-width: 381px) 100vw, 381px\" \/><\/figure><div class=\"elementor-image-box-content\"><h3 class=\"elementor-image-box-title\">Informatica e Telematica<\/h3><\/div><\/div>\t\t\t\t<\/div>\n\t\t\t\t<\/div>\n\t\t\t\t\t<\/div>\n\t\t<\/div>\n\t\t\t\t<div class=\"elementor-column elementor-col-50 elementor-top-column elementor-element elementor-element-48a8dbc\" data-id=\"48a8dbc\" data-element_type=\"column\">\n\t\t\t<div class=\"elementor-widget-wrap elementor-element-populated\">\n\t\t\t\t\t\t<div class=\"elementor-element elementor-element-fe7b18e elementor-widget elementor-widget-text-editor\" data-id=\"fe7b18e\" data-element_type=\"widget\" data-widget_type=\"text-editor.default\">\n\t\t\t\t<div class=\"elementor-widget-container\">\n\t\t\t\t\t\t\t\t\t<p><b>ASSONET &#8211; Associazione Nazionale Operatori del Net Economy<\/b><br \/>E&#8217; l&#8217;associazione di categoria che raggruppa le attivit\u00e0 economiche del settore Information &amp; Communication Technology (ICT), siano esse Piccole e Medie Imprese o Liberi Professionisti. Assonet fornisce inoltre ai propri associati l&#8217;opportunit\u00e0 di fruire dei servizi sindacali, legali, fiscali ed altri offerti dalla Confesercenti Nazionale e dalle sue articolazioni territoriali<\/p>\t\t\t\t\t\t\t\t<\/div>\n\t\t\t\t<\/div>\n\t\t\t\t\t<\/div>\n\t\t<\/div>\n\t\t\t\t\t<\/div>\n\t\t<\/section>\n\t\t\t\t<section class=\"elementor-section elementor-top-section elementor-element elementor-element-ba4050d elementor-section-boxed elementor-section-height-default elementor-section-height-default\" data-id=\"ba4050d\" data-element_type=\"section\">\n\t\t\t\t\t\t<div class=\"elementor-container elementor-column-gap-default\">\n\t\t\t\t\t<div class=\"elementor-column elementor-col-50 elementor-top-column elementor-element elementor-element-912e226\" data-id=\"912e226\" data-element_type=\"column\">\n\t\t\t<div class=\"elementor-widget-wrap elementor-element-populated\">\n\t\t\t\t\t\t<div class=\"elementor-element elementor-element-bcdd1b2 elementor-widget-tablet__width-initial elementor-position-top elementor-widget elementor-widget-image-box\" data-id=\"bcdd1b2\" data-element_type=\"widget\" data-widget_type=\"image-box.default\">\n\t\t\t\t<div class=\"elementor-widget-container\">\n\t\t\t\t\t<div class=\"elementor-image-box-wrapper\"><figure class=\"elementor-image-box-img\"><img loading=\"lazy\" decoding=\"async\" width=\"381\" height=\"203\" src=\"https:\/\/www.confesercenticampania.it\/demo\/wp-content\/uploads\/2023\/07\/8-21.png\" class=\"attachment-full size-full wp-image-4318\" alt=\"\" srcset=\"https:\/\/www.confesercenticampania.it\/demo\/wp-content\/uploads\/2023\/07\/8-21.png 381w, https:\/\/www.confesercenticampania.it\/demo\/wp-content\/uploads\/2023\/07\/8-21-300x160.png 300w\" sizes=\"(max-width: 381px) 100vw, 381px\" \/><\/figure><div class=\"elementor-image-box-content\"><h3 class=\"elementor-image-box-title\">Noleggio auto e bus con conducente<\/h3><\/div><\/div>\t\t\t\t<\/div>\n\t\t\t\t<\/div>\n\t\t\t\t\t<\/div>\n\t\t<\/div>\n\t\t\t\t<div class=\"elementor-column elementor-col-50 elementor-top-column elementor-element elementor-element-080ba44\" data-id=\"080ba44\" data-element_type=\"column\">\n\t\t\t<div class=\"elementor-widget-wrap elementor-element-populated\">\n\t\t\t\t\t\t<div class=\"elementor-element elementor-element-21c6252 elementor-widget elementor-widget-text-editor\" data-id=\"21c6252\" data-element_type=\"widget\" data-widget_type=\"text-editor.default\">\n\t\t\t\t<div class=\"elementor-widget-container\">\n\t\t\t\t\t\t\t\t\t<p><b>FEDERNOLEGGIO &#8211; Federazione delle imprese di noleggio auto e autobus con conducente<\/b><br \/>La Federnoleggio: tutela in ogni campo gli interessi e le esigenze della categoria; promuove ogni iniziativa atta a favorire lo sviluppo economico e la formazione culturale e professionale degli imprenditori del noleggio con conducente; assume la rappresentanza della categoria in tutti gli organismi pubblici e privati; realizza l&#8217;unit\u00e0 sindacale della categoria con accordi aventi finalit\u00e0 ed interessi comuni e comunque non contrastanti con i propri; stipula accordi ed intese con le Autorit\u00e0 di Governo e organismi pubblici a carattere nazionale, comunitario e internazionale, nonch\u00e9 con enti associazioni e istituzioni di qualunque natura<\/p>\t\t\t\t\t\t\t\t<\/div>\n\t\t\t\t<\/div>\n\t\t\t\t\t<\/div>\n\t\t<\/div>\n\t\t\t\t\t<\/div>\n\t\t<\/section>\n\t\t\t\t<section class=\"elementor-section elementor-top-section elementor-element elementor-element-f717076 elementor-section-boxed elementor-section-height-default elementor-section-height-default\" data-id=\"f717076\" data-element_type=\"section\">\n\t\t\t\t\t\t<div class=\"elementor-container elementor-column-gap-default\">\n\t\t\t\t\t<div class=\"elementor-column elementor-col-50 elementor-top-column elementor-element elementor-element-06ce419\" data-id=\"06ce419\" data-element_type=\"column\">\n\t\t\t<div class=\"elementor-widget-wrap elementor-element-populated\">\n\t\t\t\t\t\t<div class=\"elementor-element elementor-element-f2a16a0 elementor-widget-tablet__width-initial elementor-position-top elementor-widget elementor-widget-image-box\" data-id=\"f2a16a0\" data-element_type=\"widget\" data-widget_type=\"image-box.default\">\n\t\t\t\t<div class=\"elementor-widget-container\">\n\t\t\t\t\t<div class=\"elementor-image-box-wrapper\"><figure class=\"elementor-image-box-img\"><img loading=\"lazy\" decoding=\"async\" width=\"381\" height=\"203\" src=\"https:\/\/www.confesercenticampania.it\/demo\/wp-content\/uploads\/2023\/07\/9-21.png\" class=\"attachment-full size-full wp-image-4319\" alt=\"\" srcset=\"https:\/\/www.confesercenticampania.it\/demo\/wp-content\/uploads\/2023\/07\/9-21.png 381w, https:\/\/www.confesercenticampania.it\/demo\/wp-content\/uploads\/2023\/07\/9-21-300x160.png 300w\" sizes=\"(max-width: 381px) 100vw, 381px\" \/><\/figure><div class=\"elementor-image-box-content\"><h3 class=\"elementor-image-box-title\">Nuove Attivit\u00e0 Professionali<\/h3><\/div><\/div>\t\t\t\t<\/div>\n\t\t\t\t<\/div>\n\t\t\t\t\t<\/div>\n\t\t<\/div>\n\t\t\t\t<div class=\"elementor-column elementor-col-50 elementor-top-column elementor-element elementor-element-5e808d5\" data-id=\"5e808d5\" data-element_type=\"column\">\n\t\t\t<div class=\"elementor-widget-wrap elementor-element-populated\">\n\t\t\t\t\t\t<div class=\"elementor-element elementor-element-34043d3 elementor-widget elementor-widget-text-editor\" data-id=\"34043d3\" data-element_type=\"widget\" data-widget_type=\"text-editor.default\">\n\t\t\t\t<div class=\"elementor-widget-container\">\n\t\t\t\t\t\t\t\t\t<p><strong>FENAP &#8211; Associazione delle Nuove Attivit\u00e0 Professional<\/strong><\/p><p>con contratto a progetto<\/p>\t\t\t\t\t\t\t\t<\/div>\n\t\t\t\t<\/div>\n\t\t\t\t\t<\/div>\n\t\t<\/div>\n\t\t\t\t\t<\/div>\n\t\t<\/section>\n\t\t\t\t<section class=\"elementor-section elementor-top-section elementor-element elementor-element-41a3a47 elementor-section-boxed elementor-section-height-default elementor-section-height-default\" data-id=\"41a3a47\" data-element_type=\"section\">\n\t\t\t\t\t\t<div class=\"elementor-container elementor-column-gap-default\">\n\t\t\t\t\t<div class=\"elementor-column elementor-col-50 elementor-top-column elementor-element elementor-element-0876dbe\" data-id=\"0876dbe\" data-element_type=\"column\">\n\t\t\t<div class=\"elementor-widget-wrap elementor-element-populated\">\n\t\t\t\t\t\t<div class=\"elementor-element elementor-element-53da3e3 elementor-widget-tablet__width-initial elementor-position-top elementor-widget elementor-widget-image-box\" data-id=\"53da3e3\" data-element_type=\"widget\" data-widget_type=\"image-box.default\">\n\t\t\t\t<div class=\"elementor-widget-container\">\n\t\t\t\t\t<div class=\"elementor-image-box-wrapper\"><figure class=\"elementor-image-box-img\"><img loading=\"lazy\" decoding=\"async\" width=\"381\" height=\"203\" src=\"https:\/\/www.confesercenticampania.it\/demo\/wp-content\/uploads\/2023\/07\/10-31.png\" class=\"attachment-full size-full wp-image-4320\" alt=\"\" srcset=\"https:\/\/www.confesercenticampania.it\/demo\/wp-content\/uploads\/2023\/07\/10-31.png 381w, https:\/\/www.confesercenticampania.it\/demo\/wp-content\/uploads\/2023\/07\/10-31-300x160.png 300w\" sizes=\"(max-width: 381px) 100vw, 381px\" \/><\/figure><div class=\"elementor-image-box-content\"><h3 class=\"elementor-image-box-title\">Odontotecnici<\/h3><\/div><\/div>\t\t\t\t<\/div>\n\t\t\t\t<\/div>\n\t\t\t\t\t<\/div>\n\t\t<\/div>\n\t\t\t\t<div class=\"elementor-column elementor-col-50 elementor-top-column elementor-element elementor-element-a2b1adf\" data-id=\"a2b1adf\" data-element_type=\"column\">\n\t\t\t<div class=\"elementor-widget-wrap elementor-element-populated\">\n\t\t\t\t\t\t<div class=\"elementor-element elementor-element-bde1489 elementor-widget elementor-widget-text-editor\" data-id=\"bde1489\" data-element_type=\"widget\" data-widget_type=\"text-editor.default\">\n\t\t\t\t<div class=\"elementor-widget-container\">\n\t\t\t\t\t\t\t\t\t<p><strong>CIO &#8211; COLLEGIO ITALIANO ODONTOTECNICI<\/strong><br \/>E&#8217; un&#8217;Associazione indipendente e apartitica avente per scopo la tutela e la promozione professionale, economica e sociale delle imprese e dei professionisti che operano in ambito della Professione sanitaria di odontotecnico.<\/p>\t\t\t\t\t\t\t\t<\/div>\n\t\t\t\t<\/div>\n\t\t\t\t\t<\/div>\n\t\t<\/div>\n\t\t\t\t\t<\/div>\n\t\t<\/section>\n\t\t\t\t<section class=\"elementor-section elementor-top-section elementor-element elementor-element-eeeb27b elementor-section-boxed elementor-section-height-default elementor-section-height-default\" data-id=\"eeeb27b\" data-element_type=\"section\">\n\t\t\t\t\t\t<div class=\"elementor-container elementor-column-gap-default\">\n\t\t\t\t\t<div class=\"elementor-column elementor-col-50 elementor-top-column elementor-element elementor-element-cdc8a84\" data-id=\"cdc8a84\" data-element_type=\"column\">\n\t\t\t<div class=\"elementor-widget-wrap elementor-element-populated\">\n\t\t\t\t\t\t<div class=\"elementor-element elementor-element-e42db98 elementor-widget-tablet__width-initial elementor-position-top elementor-widget elementor-widget-image-box\" data-id=\"e42db98\" data-element_type=\"widget\" data-widget_type=\"image-box.default\">\n\t\t\t\t<div class=\"elementor-widget-container\">\n\t\t\t\t\t<div class=\"elementor-image-box-wrapper\"><figure class=\"elementor-image-box-img\"><img loading=\"lazy\" decoding=\"async\" width=\"381\" height=\"203\" src=\"https:\/\/www.confesercenticampania.it\/demo\/wp-content\/uploads\/2023\/07\/11-11.png\" class=\"attachment-full size-full wp-image-4321\" alt=\"\" srcset=\"https:\/\/www.confesercenticampania.it\/demo\/wp-content\/uploads\/2023\/07\/11-11.png 381w, https:\/\/www.confesercenticampania.it\/demo\/wp-content\/uploads\/2023\/07\/11-11-300x160.png 300w\" sizes=\"(max-width: 381px) 100vw, 381px\" \/><\/figure><div class=\"elementor-image-box-content\"><h3 class=\"elementor-image-box-title\">Pubblicit\u00e0<\/h3><\/div><\/div>\t\t\t\t<\/div>\n\t\t\t\t<\/div>\n\t\t\t\t\t<\/div>\n\t\t<\/div>\n\t\t\t\t<div class=\"elementor-column elementor-col-50 elementor-top-column elementor-element elementor-element-be14112\" data-id=\"be14112\" data-element_type=\"column\">\n\t\t\t<div class=\"elementor-widget-wrap elementor-element-populated\">\n\t\t\t\t\t\t<div class=\"elementor-element elementor-element-28cd50e elementor-widget elementor-widget-text-editor\" data-id=\"28cd50e\" data-element_type=\"widget\" data-widget_type=\"text-editor.default\">\n\t\t\t\t<div class=\"elementor-widget-container\">\n\t\t\t\t\t\t\t\t\t<p><a href=\"https:\/\/www.confesercenticampania.it\/wp-content\/uploads\/2021\/01\/11-1.png\"><strong>FEDERPUBBLICITA&#8217; &#8211; Federazione Italiana Operatori della Pubblicit\u00e0<\/strong><\/a><br \/><a href=\"https:\/\/www.confesercenticampania.it\/wp-content\/uploads\/2021\/01\/11-1.png\">Organizza le imprese nei differenti campi della comunicazione, promuove i servizi di assistenza e consulenza fiscale, legale e assicurativa<\/a><\/p>\t\t\t\t\t\t\t\t<\/div>\n\t\t\t\t<\/div>\n\t\t\t\t\t<\/div>\n\t\t<\/div>\n\t\t\t\t\t<\/div>\n\t\t<\/section>\n\t\t\t\t<section class=\"elementor-section elementor-top-section elementor-element elementor-element-3862ac5 elementor-section-boxed elementor-section-height-default elementor-section-height-default\" data-id=\"3862ac5\" data-element_type=\"section\">\n\t\t\t\t\t\t<div class=\"elementor-container elementor-column-gap-default\">\n\t\t\t\t\t<div class=\"elementor-column elementor-col-50 elementor-top-column elementor-element elementor-element-44cfb29\" data-id=\"44cfb29\" data-element_type=\"column\">\n\t\t\t<div class=\"elementor-widget-wrap elementor-element-populated\">\n\t\t\t\t\t\t<div class=\"elementor-element elementor-element-f88ea50 elementor-widget-tablet__width-initial elementor-position-top elementor-widget elementor-widget-image-box\" data-id=\"f88ea50\" data-element_type=\"widget\" data-widget_type=\"image-box.default\">\n\t\t\t\t<div class=\"elementor-widget-container\">\n\t\t\t\t\t<div class=\"elementor-image-box-wrapper\"><figure class=\"elementor-image-box-img\"><img loading=\"lazy\" decoding=\"async\" width=\"381\" height=\"203\" src=\"https:\/\/www.confesercenticampania.it\/demo\/wp-content\/uploads\/2023\/07\/12-11.png\" class=\"attachment-full size-full wp-image-4322\" alt=\"\" srcset=\"https:\/\/www.confesercenticampania.it\/demo\/wp-content\/uploads\/2023\/07\/12-11.png 381w, https:\/\/www.confesercenticampania.it\/demo\/wp-content\/uploads\/2023\/07\/12-11-300x160.png 300w\" sizes=\"(max-width: 381px) 100vw, 381px\" \/><\/figure><div class=\"elementor-image-box-content\"><h3 class=\"elementor-image-box-title\">Settore Sicurezza<\/h3><\/div><\/div>\t\t\t\t<\/div>\n\t\t\t\t<\/div>\n\t\t\t\t\t<\/div>\n\t\t<\/div>\n\t\t\t\t<div class=\"elementor-column elementor-col-50 elementor-top-column elementor-element elementor-element-527219d\" data-id=\"527219d\" data-element_type=\"column\">\n\t\t\t<div class=\"elementor-widget-wrap elementor-element-populated\">\n\t\t\t\t\t\t<div class=\"elementor-element elementor-element-dd3d10e elementor-widget elementor-widget-text-editor\" data-id=\"dd3d10e\" data-element_type=\"widget\" data-widget_type=\"text-editor.default\">\n\t\t\t\t<div class=\"elementor-widget-container\">\n\t\t\t\t\t\t\t\t\t<p><b>FEDERSECURITY &#8211; Federazione Nazionale delle Imprese della Prevenzione e Sicurezza<\/b><br \/>La Federazione rappresenta le imprese e i professionisti che operano nel settore della sicurezza e della prevenzione di comportamenti singoli o collettivi in contesti che vedono il radunarsi di moltitudini di persone. Le aziende socie di Federsecurity agiscono nel campo dell\u2019intrattenimento danzante e musicale, di manifestazioni sportive e grandi eventi. Federsecurity si muove alla costruzione di una nuova figura professionale di un operatore specializzato ad affrontare situazione di tensione e rischio, con le uniche armi della prevenzione e dissuasione<\/p>\t\t\t\t\t\t\t\t<\/div>\n\t\t\t\t<\/div>\n\t\t\t\t\t<\/div>\n\t\t<\/div>\n\t\t\t\t\t<\/div>\n\t\t<\/section>\n\t\t\t\t<section class=\"elementor-section elementor-top-section elementor-element elementor-element-f155b46 elementor-section-boxed elementor-section-height-default elementor-section-height-default\" data-id=\"f155b46\" data-element_type=\"section\">\n\t\t\t\t\t\t<div class=\"elementor-container elementor-column-gap-default\">\n\t\t\t\t\t<div class=\"elementor-column elementor-col-50 elementor-top-column elementor-element elementor-element-d91625d\" data-id=\"d91625d\" data-element_type=\"column\">\n\t\t\t<div class=\"elementor-widget-wrap elementor-element-populated\">\n\t\t\t\t\t\t<div class=\"elementor-element elementor-element-cf992af elementor-widget-tablet__width-initial elementor-position-top elementor-widget elementor-widget-image-box\" data-id=\"cf992af\" data-element_type=\"widget\" data-widget_type=\"image-box.default\">\n\t\t\t\t<div class=\"elementor-widget-container\">\n\t\t\t\t\t<div class=\"elementor-image-box-wrapper\"><figure class=\"elementor-image-box-img\"><img loading=\"lazy\" decoding=\"async\" width=\"381\" height=\"203\" src=\"https:\/\/www.confesercenticampania.it\/demo\/wp-content\/uploads\/2023\/07\/13-11.png\" class=\"attachment-full size-full wp-image-4323\" alt=\"\" srcset=\"https:\/\/www.confesercenticampania.it\/demo\/wp-content\/uploads\/2023\/07\/13-11.png 381w, https:\/\/www.confesercenticampania.it\/demo\/wp-content\/uploads\/2023\/07\/13-11-300x160.png 300w\" sizes=\"(max-width: 381px) 100vw, 381px\" \/><\/figure><div class=\"elementor-image-box-content\"><h3 class=\"elementor-image-box-title\">Spettacoli Viaggianti<\/h3><\/div><\/div>\t\t\t\t<\/div>\n\t\t\t\t<\/div>\n\t\t\t\t\t<\/div>\n\t\t<\/div>\n\t\t\t\t<div class=\"elementor-column elementor-col-50 elementor-top-column elementor-element elementor-element-c99d087\" data-id=\"c99d087\" data-element_type=\"column\">\n\t\t\t<div class=\"elementor-widget-wrap elementor-element-populated\">\n\t\t\t\t\t\t<div class=\"elementor-element elementor-element-6166c4c elementor-widget elementor-widget-text-editor\" data-id=\"6166c4c\" data-element_type=\"widget\" data-widget_type=\"text-editor.default\">\n\t\t\t\t<div class=\"elementor-widget-container\">\n\t\t\t\t\t\t\t\t\t<p><b>ANSVA &#8211; Associazione Nazionale Spettacoli Viaggianti ed Affini<\/b><\/p>\t\t\t\t\t\t\t\t<\/div>\n\t\t\t\t<\/div>\n\t\t\t\t\t<\/div>\n\t\t<\/div>\n\t\t\t\t\t<\/div>\n\t\t<\/section>\n\t\t\t\t<section class=\"elementor-section elementor-top-section elementor-element elementor-element-f7f0915 elementor-section-boxed elementor-section-height-default elementor-section-height-default\" data-id=\"f7f0915\" data-element_type=\"section\">\n\t\t\t\t\t\t<div class=\"elementor-container elementor-column-gap-default\">\n\t\t\t\t\t<div class=\"elementor-column elementor-col-50 elementor-top-column elementor-element elementor-element-711a6ed\" data-id=\"711a6ed\" data-element_type=\"column\">\n\t\t\t<div class=\"elementor-widget-wrap elementor-element-populated\">\n\t\t\t\t\t\t<div class=\"elementor-element elementor-element-b136406 elementor-widget-tablet__width-initial elementor-position-top elementor-widget elementor-widget-image-box\" data-id=\"b136406\" data-element_type=\"widget\" data-widget_type=\"image-box.default\">\n\t\t\t\t<div class=\"elementor-widget-container\">\n\t\t\t\t\t<div class=\"elementor-image-box-wrapper\"><figure class=\"elementor-image-box-img\"><img loading=\"lazy\" decoding=\"async\" width=\"762\" height=\"881\" src=\"https:\/\/www.confesercenticampania.it\/demo\/wp-content\/uploads\/2023\/07\/logo-21.png\" class=\"attachment-full size-full wp-image-4324\" alt=\"\" srcset=\"https:\/\/www.confesercenticampania.it\/demo\/wp-content\/uploads\/2023\/07\/logo-21.png 762w, https:\/\/www.confesercenticampania.it\/demo\/wp-content\/uploads\/2023\/07\/logo-21-259x300.png 259w\" sizes=\"(max-width: 762px) 100vw, 762px\" \/><\/figure><div class=\"elementor-image-box-content\"><h3 class=\"elementor-image-box-title\">Vigilanza Privata<\/h3><\/div><\/div>\t\t\t\t<\/div>\n\t\t\t\t<\/div>\n\t\t\t\t\t<\/div>\n\t\t<\/div>\n\t\t\t\t<div class=\"elementor-column elementor-col-50 elementor-top-column elementor-element elementor-element-5b35573\" data-id=\"5b35573\" data-element_type=\"column\">\n\t\t\t<div class=\"elementor-widget-wrap elementor-element-populated\">\n\t\t\t\t\t\t<div class=\"elementor-element elementor-element-fdc83e2 elementor-widget elementor-widget-text-editor\" data-id=\"fdc83e2\" data-element_type=\"widget\" data-widget_type=\"text-editor.default\">\n\t\t\t\t<div class=\"elementor-widget-container\">\n\t\t\t\t\t\t\t\t\t<p><strong>ASSICUREZZA &#8211; Associazione Nazionale degli Istituti di\u00a0Vigilanza Privata<\/strong><\/p>\t\t\t\t\t\t\t\t<\/div>\n\t\t\t\t<\/div>\n\t\t\t\t\t<\/div>\n\t\t<\/div>\n\t\t\t\t\t<\/div>\n\t\t<\/section>\n\t\t\t\t<\/div>\n\t\t","protected":false},"excerpt":{"rendered":"<p>Acconciatori ed Estetiste ASSOACCONCIATORI &#8211; Associazione Nazionale Acconciatori ed EstetistaL&#8217;AssoAcconciatori ed Estetiste \u00e8 un&#8217;associazione a copertura totale che opera nella maggiore economicit\u00e0 possibile dei processi della gestione, della commercializzazione e della assistenza del prodotto e del servizio. Agenti e Mediatori di Affari ANAMA &#8211; Associazione Nazionale Agenti e Mediatori di AffariLa federazione \u00e9 all&#8217;avanguardia nella [&hellip;]<\/p>\n","protected":false},"author":1,"featured_media":0,"parent":0,"menu_order":0,"comment_status":"closed","ping_status":"closed","template":"","meta":{"footnotes":""},"class_list":["post-4309","page","type-page","status-publish","hentry"],"_links":{"self":[{"href":"https:\/\/www.confesercenticampania.it\/demo\/wp-json\/wp\/v2\/pages\/4309","targetHints":{"allow":["GET"]}}],"collection":[{"href":"https:\/\/www.confesercenticampania.it\/demo\/wp-json\/wp\/v2\/pages"}],"about":[{"href":"https:\/\/www.confesercenticampania.it\/demo\/wp-json\/wp\/v2\/types\/page"}],"author":[{"embeddable":true,"href":"https:\/\/www.confesercenticampania.it\/demo\/wp-json\/wp\/v2\/users\/1"}],"replies":[{"embeddable":true,"href":"https:\/\/www.confesercenticampania.it\/demo\/wp-json\/wp\/v2\/comments?post=4309"}],"version-history":[{"count":4,"href":"https:\/\/www.confesercenticampania.it\/demo\/wp-json\/wp\/v2\/pages\/4309\/revisions"}],"predecessor-version":[{"id":4327,"href":"https:\/\/www.confesercenticampania.it\/demo\/wp-json\/wp\/v2\/pages\/4309\/revisions\/4327"}],"wp:attachment":[{"href":"https:\/\/www.confesercenticampania.it\/demo\/wp-json\/wp\/v2\/media?parent=4309"}],"curies":[{"name":"wp","href":"https:\/\/api.w.org\/{rel}","templated":true}]}}